{"id":730,"date":"2023-03-28T04:04:19","date_gmt":"2023-03-28T04:04:19","guid":{"rendered":"https:\/\/seunatlascomunidad.com\/?page_id=730"},"modified":"2023-05-30T03:15:35","modified_gmt":"2023-05-30T03:15:35","slug":"viaja-a-europa","status":"publish","type":"page","link":"https:\/\/seunatlascomunidad.com\/index.php\/viaja-a-europa\/","title":{"rendered":"Viaja a Europa"},"content":{"rendered":"\t\t<div data-elementor-type=\"wp-page\" data-elementor-id=\"730\" class=\"elementor elementor-730\">\n\t\t\t\t\t\t\t\t\t<section class=\"elementor-section elementor-top-section elementor-element elementor-element-4ea78ef elementor-section-stretched elementor-section-full_width elementor-section-height-default elementor-section-height-default\" data-id=\"4ea78ef\" data-element_type=\"section\" data-settings=\"{&quot;stretch_section&quot;:&quot;section-stretched&quot;}\">\n\t\t\t\t\t\t<div class=\"elementor-container elementor-column-gap-no\">\n\t\t\t\t\t<div class=\"elementor-column elementor-col-100 elementor-top-column elementor-element elementor-element-3e56126\" data-id=\"3e56126\" data-element_type=\"column\" data-settings=\"{&quot;background_background&quot;:&quot;classic&quot;}\">\n\t\t\t<div class=\"elementor-widget-wrap elementor-element-populated\">\n\t\t\t\t\t<div class=\"elementor-background-overlay\"><\/div>\n\t\t\t\t\t\t\t\t<section class=\"elementor-section elementor-inner-section elementor-element elementor-element-f689451 elementor-section-boxed elementor-section-height-default elementor-section-height-default\" data-id=\"f689451\" data-element_type=\"section\">\n\t\t\t\t\t\t<div class=\"elementor-container elementor-column-gap-no\">\n\t\t\t\t\t<div class=\"elementor-column elementor-col-100 elementor-inner-column elementor-element elementor-element-5f88de0\" data-id=\"5f88de0\" data-element_type=\"column\">\n\t\t\t<div class=\"elementor-widget-wrap elementor-element-populated\">\n\t\t\t\t\t\t\t\t<div class=\"elementor-element elementor-element-8ec767a elementor-widget__width-auto animated-slow elementor-widget-divider--view-line elementor-invisible elementor-widget elementor-widget-divider\" data-id=\"8ec767a\" data-element_type=\"widget\" data-settings=\"{&quot;_animation&quot;:&quot;slideInDown&quot;}\" data-widget_type=\"divider.default\">\n\t\t\t\t<div class=\"elementor-widget-container\">\n\t\t\t<style>\/*! elementor - v3.13.3 - 22-05-2023 *\/\n.elementor-widget-divider{--divider-border-style:none;--divider-border-width:1px;--divider-color:#0c0d0e;--divider-icon-size:20px;--divider-element-spacing:10px;--divider-pattern-height:24px;--divider-pattern-size:20px;--divider-pattern-url:none;--divider-pattern-repeat:repeat-x}.elementor-widget-divider .elementor-divider{display:flex}.elementor-widget-divider .elementor-divider__text{font-size:15px;line-height:1;max-width:95%}.elementor-widget-divider .elementor-divider__element{margin:0 var(--divider-element-spacing);flex-shrink:0}.elementor-widget-divider .elementor-icon{font-size:var(--divider-icon-size)}.elementor-widget-divider .elementor-divider-separator{display:flex;margin:0;direction:ltr}.elementor-widget-divider--view-line_icon .elementor-divider-separator,.elementor-widget-divider--view-line_text .elementor-divider-separator{align-items:center}.elementor-widget-divider--view-line_icon .elementor-divider-separator:after,.elementor-widget-divider--view-line_icon .elementor-divider-separator:before,.elementor-widget-divider--view-line_text .elementor-divider-separator:after,.elementor-widget-divider--view-line_text .elementor-divider-separator:before{display:block;content:\"\";border-bottom:0;flex-grow:1;border-top:var(--divider-border-width) var(--divider-border-style) var(--divider-color)}.elementor-widget-divider--element-align-left .elementor-divider .elementor-divider-separator>.elementor-divider__svg:first-of-type{flex-grow:0;flex-shrink:100}.elementor-widget-divider--element-align-left .elementor-divider-separator:before{content:none}.elementor-widget-divider--element-align-left .elementor-divider__element{margin-left:0}.elementor-widget-divider--element-align-right .elementor-divider .elementor-divider-separator>.elementor-divider__svg:last-of-type{flex-grow:0;flex-shrink:100}.elementor-widget-divider--element-align-right .elementor-divider-separator:after{content:none}.elementor-widget-divider--element-align-right .elementor-divider__element{margin-right:0}.elementor-widget-divider:not(.elementor-widget-divider--view-line_text):not(.elementor-widget-divider--view-line_icon) .elementor-divider-separator{border-top:var(--divider-border-width) var(--divider-border-style) var(--divider-color)}.elementor-widget-divider--separator-type-pattern{--divider-border-style:none}.elementor-widget-divider--separator-type-pattern.elementor-widget-divider--view-line .elementor-divider-separator,.elementor-widget-divider--separator-type-pattern:not(.elementor-widget-divider--view-line) .elementor-divider-separator:after,.elementor-widget-divider--separator-type-pattern:not(.elementor-widget-divider--view-line) .elementor-divider-separator:before,.elementor-widget-divider--separator-type-pattern:not([class*=elementor-widget-divider--view]) .elementor-divider-separator{width:100%;min-height:var(--divider-pattern-height);-webkit-mask-size:var(--divider-pattern-size) 100%;mask-size:var(--divider-pattern-size) 100%;-webkit-mask-repeat:var(--divider-pattern-repeat);mask-repeat:var(--divider-pattern-repeat);background-color:var(--divider-color);-webkit-mask-image:var(--divider-pattern-url);mask-image:var(--divider-pattern-url)}.elementor-widget-divider--no-spacing{--divider-pattern-size:auto}.elementor-widget-divider--bg-round{--divider-pattern-repeat:round}.rtl .elementor-widget-divider .elementor-divider__text{direction:rtl}.e-con-inner>.elementor-widget-divider,.e-con>.elementor-widget-divider{width:var(--container-widget-width,100%);--flex-grow:var(--container-widget-flex-grow)}<\/style>\t\t<div class=\"elementor-divider\">\n\t\t\t<span class=\"elementor-divider-separator\">\n\t\t\t\t\t\t<\/span>\n\t\t<\/div>\n\t\t\t\t<\/div>\n\t\t\t\t<\/div>\n\t\t\t\t<div class=\"elementor-element elementor-element-069f850 elementor-invisible elementor-widget elementor-widget-text-editor\" data-id=\"069f850\" data-element_type=\"widget\" data-settings=\"{&quot;_animation&quot;:&quot;fadeInUp&quot;}\" data-widget_type=\"text-editor.default\">\n\t\t\t\t<div class=\"elementor-widget-container\">\n\t\t\t<style>\/*! elementor - v3.13.3 - 22-05-2023 *\/\n.elementor-widget-text-editor.elementor-drop-cap-view-stacked .elementor-drop-cap{background-color:#69727d;color:#fff}.elementor-widget-text-editor.elementor-drop-cap-view-framed .elementor-drop-cap{color:#69727d;border:3px solid;background-color:transparent}.elementor-widget-text-editor:not(.elementor-drop-cap-view-default) .elementor-drop-cap{margin-top:8px}.elementor-widget-text-editor:not(.elementor-drop-cap-view-default) .elementor-drop-cap-letter{width:1em;height:1em}.elementor-widget-text-editor .elementor-drop-cap{float:left;text-align:center;line-height:1;font-size:50px}.elementor-widget-text-editor .elementor-drop-cap-letter{display:inline-block}<\/style>\t\t\t\t<p>viaja por Europa<\/p>\t\t\t\t\t\t<\/div>\n\t\t\t\t<\/div>\n\t\t\t\t<div class=\"elementor-element elementor-element-2cf1d25 elementor-invisible elementor-widget elementor-widget-text-editor\" data-id=\"2cf1d25\" data-element_type=\"widget\" data-settings=\"{&quot;_animation&quot;:&quot;fadeInUp&quot;}\" data-widget_type=\"text-editor.default\">\n\t\t\t\t<div class=\"elementor-widget-container\">\n\t\t\t\t\t\t\t<p>con nuestra comunidad<\/p>\t\t\t\t\t\t<\/div>\n\t\t\t\t<\/div>\n\t\t\t\t\t<\/div>\n\t\t<\/div>\n\t\t\t\t\t\t\t<\/div>\n\t\t<\/section>\n\t\t\t\t\t<\/div>\n\t\t<\/div>\n\t\t\t\t\t\t\t<\/div>\n\t\t<\/section>\n\t\t\t\t<section class=\"elementor-section elementor-top-section elementor-element elementor-element-19cbb05d elementor-section-full_width elementor-section-content-middle elementor-section-height-default elementor-section-height-default\" data-id=\"19cbb05d\" data-element_type=\"section\">\n\t\t\t\t\t\t<div class=\"elementor-container elementor-column-gap-no\">\n\t\t\t\t\t<div class=\"elementor-column elementor-col-33 elementor-top-column elementor-element elementor-element-238ad64c\" data-id=\"238ad64c\" data-element_type=\"column\">\n\t\t\t<div class=\"elementor-widget-wrap elementor-element-populated\">\n\t\t\t\t\t\t\t\t<div class=\"elementor-element elementor-element-b2a3031 elementor-widget elementor-widget-text-editor\" data-id=\"b2a3031\" data-element_type=\"widget\" data-widget_type=\"text-editor.default\">\n\t\t\t\t<div class=\"elementor-widget-container\">\n\t\t\t\t\t\t\t\t\t\t\t\t\t<\/div>\n\t\t\t\t<\/div>\n\t\t\t\t<div class=\"elementor-element elementor-element-78ddfac9 elementor-widget elementor-widget-heading\" data-id=\"78ddfac9\" data-element_type=\"widget\" data-widget_type=\"heading.default\">\n\t\t\t\t<div class=\"elementor-widget-container\">\n\t\t\t<style>\/*! elementor - v3.13.3 - 22-05-2023 *\/\n.elementor-heading-title{padding:0;margin:0;line-height:1}.elementor-widget-heading .elementor-heading-title[class*=elementor-size-]>a{color:inherit;font-size:inherit;line-height:inherit}.elementor-widget-heading .elementor-heading-title.elementor-size-small{font-size:15px}.elementor-widget-heading .elementor-heading-title.elementor-size-medium{font-size:19px}.elementor-widget-heading .elementor-heading-title.elementor-size-large{font-size:29px}.elementor-widget-heading .elementor-heading-title.elementor-size-xl{font-size:39px}.elementor-widget-heading .elementor-heading-title.elementor-size-xxl{font-size:59px}<\/style><h3 class=\"elementor-heading-title elementor-size-default\">El planeta es inmenso, maravilloso y por momentos puede llegar a ser abrumador.<\/h3>\t\t<\/div>\n\t\t\t\t<\/div>\n\t\t\t\t<div class=\"elementor-element elementor-element-53ee0979 elementor-widget-divider--view-line elementor-widget elementor-widget-divider\" data-id=\"53ee0979\" data-element_type=\"widget\" data-widget_type=\"divider.default\">\n\t\t\t\t<div class=\"elementor-widget-container\">\n\t\t\t\t\t<div class=\"elementor-divider\">\n\t\t\t<span class=\"elementor-divider-separator\">\n\t\t\t\t\t\t<\/span>\n\t\t<\/div>\n\t\t\t\t<\/div>\n\t\t\t\t<\/div>\n\t\t\t\t\t<\/div>\n\t\t<\/div>\n\t\t\t\t<div class=\"elementor-column elementor-col-33 elementor-top-column elementor-element elementor-element-6c246e02\" data-id=\"6c246e02\" data-element_type=\"column\">\n\t\t\t<div class=\"elementor-widget-wrap elementor-element-populated\">\n\t\t\t\t\t\t\t\t<div class=\"elementor-element elementor-element-72227d31 elementor-widget elementor-widget-text-editor\" data-id=\"72227d31\" data-element_type=\"widget\" data-widget_type=\"text-editor.default\">\n\t\t\t\t<div class=\"elementor-widget-container\">\n\t\t\t\t\t\t\t<p>El planeta es inmenso, maravilloso y por momentos puede llegar a ser abrumador. Con esta idea en mente cre\u00e9 una <em><strong>comunidad de mujeres expertas<\/strong><\/em> en diferentes destinos, para viajar a trav\u00e9s de sus palabras y experiencias. <em><strong>Ellas te ayudar\u00e1n a organizar cada escapada a la perfecci\u00f3n.<\/strong><\/em><\/p><p>Gracias a su generosidad, en esta secci\u00f3n podr\u00e1s encontrar notas y recomendaciones exclusivas, que solo conocen quienes viven all\u00ed.<\/p><p>Dejate sorprender por cada destino, descubre qu\u00e9 se siente viajar de la mano de una experta y\u2026<\/p><p>DESPEG\u00c1<\/p>\t\t\t\t\t\t<\/div>\n\t\t\t\t<\/div>\n\t\t\t\t\t<\/div>\n\t\t<\/div>\n\t\t\t\t<div class=\"elementor-column elementor-col-33 elementor-top-column elementor-element elementor-element-6e8101b8\" data-id=\"6e8101b8\" data-element_type=\"column\">\n\t\t\t<div class=\"elementor-widget-wrap elementor-element-populated\">\n\t\t\t\t\t\t\t\t<div class=\"elementor-element elementor-element-5a147b09 elementor-widget elementor-widget-image\" data-id=\"5a147b09\" data-element_type=\"widget\" data-widget_type=\"image.default\">\n\t\t\t\t<div class=\"elementor-widget-container\">\n\t\t\t<style>\/*! elementor - v3.13.3 - 22-05-2023 *\/\n.elementor-widget-image{text-align:center}.elementor-widget-image a{display:inline-block}.elementor-widget-image a img[src$=\".svg\"]{width:48px}.elementor-widget-image img{vertical-align:middle;display:inline-block}<\/style>\t\t\t\t\t\t\t\t\t\t\t\t<img loading=\"lazy\" decoding=\"async\" width=\"1000\" height=\"919\" src=\"https:\/\/seunatlascomunidad.com\/wp-content\/uploads\/2023\/04\/madrid-cima-2.jpg\" class=\"attachment-full size-full wp-image-1551\" alt=\"\" srcset=\"https:\/\/seunatlascomunidad.com\/wp-content\/uploads\/2023\/04\/madrid-cima-2.jpg 1000w, https:\/\/seunatlascomunidad.com\/wp-content\/uploads\/2023\/04\/madrid-cima-2-845x777.jpg 845w, https:\/\/seunatlascomunidad.com\/wp-content\/uploads\/2023\/04\/madrid-cima-2-460x423.jpg 460w\" sizes=\"auto, (max-width: 1000px) 100vw, 1000px\" \/>\t\t\t\t\t\t\t\t\t\t\t\t\t\t\t<\/div>\n\t\t\t\t<\/div>\n\t\t\t\t\t<\/div>\n\t\t<\/div>\n\t\t\t\t\t\t\t<\/div>\n\t\t<\/section>\n\t\t\t\t<section class=\"elementor-section elementor-top-section elementor-element elementor-element-f318dc6 elementor-section-stretched elementor-section-boxed elementor-section-height-default elementor-section-height-default\" data-id=\"f318dc6\" data-element_type=\"section\" data-settings=\"{&quot;stretch_section&quot;:&quot;section-stretched&quot;,&quot;background_background&quot;:&quot;classic&quot;}\">\n\t\t\t\t\t\t\t<div class=\"elementor-background-overlay\"><\/div>\n\t\t\t\t\t\t\t<div class=\"elementor-container elementor-column-gap-no\">\n\t\t\t\t\t<div class=\"elementor-column elementor-col-100 elementor-top-column elementor-element elementor-element-28b390a\" data-id=\"28b390a\" data-element_type=\"column\">\n\t\t\t<div class=\"elementor-widget-wrap elementor-element-populated\">\n\t\t\t\t\t\t\t\t<div class=\"elementor-element elementor-element-37df85b animated-slow elementor-invisible elementor-widget elementor-widget-heading\" data-id=\"37df85b\" data-element_type=\"widget\" data-settings=\"{&quot;_animation&quot;:&quot;fadeIn&quot;}\" data-widget_type=\"heading.default\">\n\t\t\t\t<div class=\"elementor-widget-container\">\n\t\t\t<h2 class=\"elementor-heading-title elementor-size-default\">\/\/ \u00bfA D\u00d3NDE TE GUSTAR\u00cdA VIAJAR? \/\/<\/h2>\t\t<\/div>\n\t\t\t\t<\/div>\n\t\t\t\t<section class=\"elementor-section elementor-inner-section elementor-element elementor-element-f767bd5 elementor-section-boxed elementor-section-height-default elementor-section-height-default\" data-id=\"f767bd5\" data-element_type=\"section\">\n\t\t\t\t\t\t<div class=\"elementor-container elementor-column-gap-wide\">\n\t\t\t\t\t<div class=\"elementor-column elementor-col-100 elementor-inner-column elementor-element elementor-element-544321a\" data-id=\"544321a\" data-element_type=\"column\">\n\t\t\t<div class=\"elementor-widget-wrap elementor-element-populated\">\n\t\t\t\t\t\t\t\t<div class=\"elementor-element elementor-element-22b2245 elementor-search-form-skin-default elementor-invisible elementor-widget elementor-widget-bdt-search\" data-id=\"22b2245\" data-element_type=\"widget\" data-settings=\"{&quot;_animation&quot;:&quot;fadeIn&quot;}\" data-widget_type=\"bdt-search.default\">\n\t\t\t\t<div class=\"elementor-widget-container\">\n\t\t\t\t\t<div class=\"bdt-search-container\">\r\n\t\t\t\r\n\t\t\t\r\n\t\t\t<form class=\"bdt-search bdt-search-default\" role=\"search\" method=\"get\" action=\"https:\/\/seunatlascomunidad.com\/\">\r\n\t\t\t\t<div class=\"bdt-position-relative\">\r\n\t\t\t\t\t<span class=\"\" data-bdt-search-icon><\/span>\t\t\t\t\t\t\t\t\t\t\t<input name=\"post_type\" id=\"post_type\" type=\"hidden\" value=\"post\">\r\n\t\t\t\t\t\t\t\t\t\t<input placeholder=\"Elige tu destino aqu\u00ed\" class=\"bdt-search-input\" type=\"search\" name=\"s\" title=\"Search\" value=\"\">\r\n\t\t\t\t\t\r\n\t\t\t\t\t<button type=\"submit\" class=\"bdt-search-button\">\r\n\t\t\t\tEnviar\t\t\t\t\t\t\t<\/button>\r\n\t\t\r\n\t\t\t\t\t<\/div>\r\n\r\n\r\n\t\t\t\t\t\t\t<\/form>\r\n\r\n\t\t\t\t<\/div>\r\n\t\t\t\t<\/div>\n\t\t\t\t<\/div>\n\t\t\t\t\t<\/div>\n\t\t<\/div>\n\t\t\t\t\t\t\t<\/div>\n\t\t<\/section>\n\t\t\t\t\t<\/div>\n\t\t<\/div>\n\t\t\t\t\t\t\t<\/div>\n\t\t<\/section>\n\t\t\t\t<section class=\"elementor-section elementor-top-section elementor-element elementor-element-3f061cf elementor-section-boxed elementor-section-height-default elementor-section-height-default\" data-id=\"3f061cf\" data-element_type=\"section\">\n\t\t\t\t\t\t<div class=\"elementor-container elementor-column-gap-default\">\n\t\t\t\t\t<div class=\"elementor-column elementor-col-100 elementor-top-column elementor-element elementor-element-9e3cd9f\" data-id=\"9e3cd9f\" data-element_type=\"column\">\n\t\t\t<div class=\"elementor-widget-wrap elementor-element-populated\">\n\t\t\t\t\t\t\t\t<div class=\"elementor-element elementor-element-5c1be5f elementor-widget elementor-widget-text-editor\" data-id=\"5c1be5f\" data-element_type=\"widget\" data-widget_type=\"text-editor.default\">\n\t\t\t\t<div class=\"elementor-widget-container\">\n\t\t\t\t\t\t\t<p>Los lugares m\u00e1s elegidos<\/p>\t\t\t\t\t\t<\/div>\n\t\t\t\t<\/div>\n\t\t\t\t<div class=\"elementor-element elementor-element-e3b37a4 elementor-widget elementor-widget-sayville-recent-posts\" data-id=\"e3b37a4\" data-element_type=\"widget\" data-widget_type=\"sayville-recent-posts.default\">\n\t\t\t\t<div class=\"elementor-widget-container\">\n\t\t\t<div id=\"latest-posts\"><div id=\"blog-posts-1\" class=\"row-fluid blog-posts\"><article class=\"post-size style_2 even span12 2326 post-2326 post type-post status-publish format-standard has-post-thumbnail hentry category-espana category-inspirate category-viaja-a-europa tag-belen tag-espana tag-pedraza tag-segovia tag-viaja-por-europa tag-villa-medieval post\"><div class=\"post-content-container textleft\"><div class=\"post-img-side\"><figure class=\"post-img\"><a href=\"https:\/\/seunatlascomunidad.com\/index.php\/2023\/06\/27\/la-villa-medieval-de-pedraza\/\" rel=\"bookmark\"><img loading=\"lazy\" decoding=\"async\" width=\"460\" height=\"365\" src=\"https:\/\/seunatlascomunidad.com\/wp-content\/uploads\/2023\/06\/foto-blog-pedraza-460x365.jpg\" class=\"attachment-medium size-medium wp-post-image\" alt=\"\" \/><\/a><\/figure><\/div><div class=\"post-content-side\"><div class=\"meta-categories\"><a href=\"https:\/\/seunatlascomunidad.com\/index.php\/category\/viaja-a-europa\/espana\/\" rel=\"category tag\">Espa\u00f1a<\/a>, <a href=\"https:\/\/seunatlascomunidad.com\/index.php\/category\/inspirate\/\" rel=\"category tag\">Insp\u00edrate<\/a>, <a href=\"https:\/\/seunatlascomunidad.com\/index.php\/category\/viaja-a-europa\/\" rel=\"category tag\">Viaja a Europa<\/a><\/div><header class=\"title\"><h2><a href=\"https:\/\/seunatlascomunidad.com\/index.php\/2023\/06\/27\/la-villa-medieval-de-pedraza\/\" title=\"Permalink to La Villa medieval de Pedraza\" rel=\"bookmark\">La Villa medieval de Pedraza<\/a><\/h2><\/header><div class=\"post-content\"><div class=\"post-excerpt\">Por Bel\u00e9n <\/div><\/div><div class=\"post-meta footer-meta\"><div class=\"meta-date\">Jun 27<\/div><div class=\"post-more\"><a href=\"https:\/\/seunatlascomunidad.com\/index.php\/2023\/06\/27\/la-villa-medieval-de-pedraza\/\" rel=\"bookmark\">Leer m\u00e1s<\/a><\/div><div class=\"sharebox\"><div class=\"social-icons\"><span class=\"share\">Compartir<\/span><ul class=\"unstyled\"><\/ul><\/div><\/div><\/div><\/div><\/div><\/article><article class=\"post-size style_2 odd span12 2124 post-2124 post type-post status-publish format-standard has-post-thumbnail hentry category-espana category-viaja-a-europa tag-asturias tag-belen-2 tag-espana tag-viaja-por-europa post\"><div class=\"post-content-container textleft\"><div class=\"post-img-side\"><figure class=\"post-img\"><a href=\"https:\/\/seunatlascomunidad.com\/index.php\/2023\/05\/15\/asturias-el-paraiso-natural-de-espana\/\" rel=\"bookmark\"><img loading=\"lazy\" decoding=\"async\" width=\"460\" height=\"365\" src=\"https:\/\/seunatlascomunidad.com\/wp-content\/uploads\/2023\/05\/asturias-460x365.jpg\" class=\"attachment-medium size-medium wp-post-image\" alt=\"\" \/><\/a><\/figure><\/div><div class=\"post-content-side\"><div class=\"meta-categories\"><a href=\"https:\/\/seunatlascomunidad.com\/index.php\/category\/viaja-a-europa\/espana\/\" rel=\"category tag\">Espa\u00f1a<\/a>, <a href=\"https:\/\/seunatlascomunidad.com\/index.php\/category\/viaja-a-europa\/\" rel=\"category tag\">Viaja a Europa<\/a><\/div><header class=\"title\"><h2><a href=\"https:\/\/seunatlascomunidad.com\/index.php\/2023\/05\/15\/asturias-el-paraiso-natural-de-espana\/\" title=\"Permalink to Asturias, el para\u00edso natural de Espa\u00f1a\" rel=\"bookmark\">Asturias, el para\u00edso natural de Espa\u00f1a<\/a><\/h2><\/header><div class=\"post-content\"><div class=\"post-excerpt\">Por Bel\u00e9n <\/div><\/div><div class=\"post-meta footer-meta\"><div class=\"meta-date\">May 15<\/div><div class=\"post-more\"><a href=\"https:\/\/seunatlascomunidad.com\/index.php\/2023\/05\/15\/asturias-el-paraiso-natural-de-espana\/\" rel=\"bookmark\">Leer m\u00e1s<\/a><\/div><div class=\"sharebox\"><div class=\"social-icons\"><span class=\"share\">Compartir<\/span><ul class=\"unstyled\"><\/ul><\/div><\/div><\/div><\/div><\/div><\/article><article class=\"post-size style_2 even span12 2171 post-2171 post type-post status-publish format-standard has-post-thumbnail hentry category-italia category-viaja-a-europa tag-anto tag-cinque-terre tag-destinos tag-embajadores tag-italia tag-viaja-por-europa post\"><div class=\"post-content-container textleft\"><div class=\"post-img-side\"><figure class=\"post-img\"><a href=\"https:\/\/seunatlascomunidad.com\/index.php\/2023\/05\/15\/cinque-terre-por-que-son-el-must-de-la-riviera-ligur\/\" rel=\"bookmark\"><img loading=\"lazy\" decoding=\"async\" width=\"460\" height=\"365\" src=\"https:\/\/seunatlascomunidad.com\/wp-content\/uploads\/2023\/05\/Riomaggiore-460x365.jpg\" class=\"attachment-medium size-medium wp-post-image\" alt=\"\" \/><\/a><\/figure><\/div><div class=\"post-content-side\"><div class=\"meta-categories\"><a href=\"https:\/\/seunatlascomunidad.com\/index.php\/category\/viaja-a-europa\/italia\/\" rel=\"category tag\">Italia<\/a>, <a href=\"https:\/\/seunatlascomunidad.com\/index.php\/category\/viaja-a-europa\/\" rel=\"category tag\">Viaja a Europa<\/a><\/div><header class=\"title\"><h2><a href=\"https:\/\/seunatlascomunidad.com\/index.php\/2023\/05\/15\/cinque-terre-por-que-son-el-must-de-la-riviera-ligur\/\" title=\"Permalink to Cinque Terre&#8230; \u00bfpor qu\u00e9 son el must de la Riviera Ligur?\" rel=\"bookmark\">Cinque Terre&#8230; \u00bfpor qu\u00e9 son el must de la Riviera Ligur?<\/a><\/h2><\/header><div class=\"post-content\"><div class=\"post-excerpt\">Por Anto <\/div><\/div><div class=\"post-meta footer-meta\"><div class=\"meta-date\">May 15<\/div><div class=\"post-more\"><a href=\"https:\/\/seunatlascomunidad.com\/index.php\/2023\/05\/15\/cinque-terre-por-que-son-el-must-de-la-riviera-ligur\/\" rel=\"bookmark\">Leer m\u00e1s<\/a><\/div><div class=\"sharebox\"><div class=\"social-icons\"><span class=\"share\">Compartir<\/span><ul class=\"unstyled\"><\/ul><\/div><\/div><\/div><\/div><\/div><\/article><article class=\"post-size style_2 odd span12 1945 post-1945 post type-post status-publish format-standard has-post-thumbnail hentry category-austria category-viaja-a-europa tag-austria tag-destinos tag-embajadores tag-europa tag-guada tag-viaja-por-europa tag-villach post\"><div class=\"post-content-container textleft\"><div class=\"post-img-side\"><figure class=\"post-img\"><a href=\"https:\/\/seunatlascomunidad.com\/index.php\/2023\/05\/15\/descubriendo-austria-destino-villach\/\" rel=\"bookmark\"><img loading=\"lazy\" decoding=\"async\" width=\"460\" height=\"365\" src=\"https:\/\/seunatlascomunidad.com\/wp-content\/uploads\/2023\/05\/villach-guada-460x365.jpg\" class=\"attachment-medium size-medium wp-post-image\" alt=\"\" \/><\/a><\/figure><\/div><div class=\"post-content-side\"><div class=\"meta-categories\"><a href=\"https:\/\/seunatlascomunidad.com\/index.php\/category\/viaja-a-europa\/austria\/\" rel=\"category tag\">Austria<\/a>, <a href=\"https:\/\/seunatlascomunidad.com\/index.php\/category\/viaja-a-europa\/\" rel=\"category tag\">Viaja a Europa<\/a><\/div><header class=\"title\"><h2><a href=\"https:\/\/seunatlascomunidad.com\/index.php\/2023\/05\/15\/descubriendo-austria-destino-villach\/\" title=\"Permalink to Descubriendo Austria: destino Villach\" rel=\"bookmark\">Descubriendo Austria: destino Villach<\/a><\/h2><\/header><div class=\"post-content\"><div class=\"post-excerpt\">Por Guada <\/div><\/div><div class=\"post-meta footer-meta\"><div class=\"meta-date\">May 15<\/div><div class=\"post-more\"><a href=\"https:\/\/seunatlascomunidad.com\/index.php\/2023\/05\/15\/descubriendo-austria-destino-villach\/\" rel=\"bookmark\">Leer m\u00e1s<\/a><\/div><div class=\"sharebox\"><div class=\"social-icons\"><span class=\"share\">Compartir<\/span><ul class=\"unstyled\"><\/ul><\/div><\/div><\/div><\/div><\/div><\/article><article class=\"post-size style_2 even span12 812 post-812 post type-post status-publish format-gallery has-post-thumbnail hentry category-italia category-viaja-a-europa tag-caro tag-destinos tag-embajadores tag-italia tag-milan tag-viaja-por-europa post_format-post-format-gallery post\"><div class=\"post-content-container textleft\"><div class=\"post-img-side\"><figure class=\"post-img\"><a href=\"https:\/\/seunatlascomunidad.com\/index.php\/2023\/04\/06\/un-recorrido-a-traves-de-las-cuatro-estaciones-de-milan\/\" rel=\"bookmark\"><img loading=\"lazy\" decoding=\"async\" width=\"460\" height=\"365\" src=\"https:\/\/seunatlascomunidad.com\/wp-content\/uploads\/2023\/04\/Castello-Sforzesco-Milan-en-invierno-460x365.jpg\" class=\"attachment-medium size-medium wp-post-image\" alt=\"\" \/><\/a><\/figure><\/div><div class=\"post-content-side\"><div class=\"meta-categories\"><a href=\"https:\/\/seunatlascomunidad.com\/index.php\/category\/viaja-a-europa\/italia\/\" rel=\"category tag\">Italia<\/a>, <a href=\"https:\/\/seunatlascomunidad.com\/index.php\/category\/viaja-a-europa\/\" rel=\"category tag\">Viaja a Europa<\/a><\/div><header class=\"title\"><h2><a href=\"https:\/\/seunatlascomunidad.com\/index.php\/2023\/04\/06\/un-recorrido-a-traves-de-las-cuatro-estaciones-de-milan\/\" title=\"Permalink to Un recorrido a trav\u00e9s de las cuatro estaciones de Mil\u00e1n\" rel=\"bookmark\">Un recorrido a trav\u00e9s de las cuatro estaciones de Mil\u00e1n<\/a><\/h2><\/header><div class=\"post-content\"><div class=\"post-excerpt\">Por Carolina <\/div><\/div><div class=\"post-meta footer-meta\"><div class=\"meta-date\">Abr 06<\/div><div class=\"post-more\"><a href=\"https:\/\/seunatlascomunidad.com\/index.php\/2023\/04\/06\/un-recorrido-a-traves-de-las-cuatro-estaciones-de-milan\/\" rel=\"bookmark\">Leer m\u00e1s<\/a><\/div><div class=\"sharebox\"><div class=\"social-icons\"><span class=\"share\">Compartir<\/span><ul class=\"unstyled\"><\/ul><\/div><\/div><\/div><\/div><\/div><\/article><article class=\"post-size style_2 odd span12 755 post-755 post type-post status-publish format-gallery has-post-thumbnail hentry category-suiza category-viaja-a-europa tag-alpes-suizos tag-camila tag-embajadores tag-ginebra tag-gruyeres tag-lucerna tag-suiza tag-viaja-por-europa tag-zurich post_format-post-format-gallery post\"><div class=\"post-content-container textleft\"><div class=\"post-img-side\"><figure class=\"post-img\"><a href=\"https:\/\/seunatlascomunidad.com\/index.php\/2023\/04\/05\/5-lugares-para-visitar-en-suiza\/\" rel=\"bookmark\"><img loading=\"lazy\" decoding=\"async\" width=\"460\" height=\"365\" src=\"https:\/\/seunatlascomunidad.com\/wp-content\/uploads\/2023\/04\/Lucerna-IV-460x365.jpg\" class=\"attachment-medium size-medium wp-post-image\" alt=\"\" \/><\/a><\/figure><\/div><div class=\"post-content-side\"><div class=\"meta-categories\"><a href=\"https:\/\/seunatlascomunidad.com\/index.php\/category\/viaja-a-europa\/suiza\/\" rel=\"category tag\">Suiza<\/a>, <a href=\"https:\/\/seunatlascomunidad.com\/index.php\/category\/viaja-a-europa\/\" rel=\"category tag\">Viaja a Europa<\/a><\/div><header class=\"title\"><h2><a href=\"https:\/\/seunatlascomunidad.com\/index.php\/2023\/04\/05\/5-lugares-para-visitar-en-suiza\/\" title=\"Permalink to 5 lugares para visitar en Suiza\" rel=\"bookmark\">5 lugares para visitar en Suiza<\/a><\/h2><\/header><div class=\"post-content\"><div class=\"post-excerpt\">Por Camila <\/div><\/div><div class=\"post-meta footer-meta\"><div class=\"meta-date\">Abr 05<\/div><div class=\"post-more\"><a href=\"https:\/\/seunatlascomunidad.com\/index.php\/2023\/04\/05\/5-lugares-para-visitar-en-suiza\/\" rel=\"bookmark\">Leer m\u00e1s<\/a><\/div><div class=\"sharebox\"><div class=\"social-icons\"><span class=\"share\">Compartir<\/span><ul class=\"unstyled\"><\/ul><\/div><\/div><\/div><\/div><\/div><\/article><article class=\"post-size style_2 even span12 753 post-753 post type-post status-publish format-standard has-post-thumbnail hentry category-turquia category-viaja-a-europa tag-destinos tag-embajadores tag-kemeralti-bazaar tag-melina tag-turquia tag-viaja-por-europa post\"><div class=\"post-content-container textleft\"><div class=\"post-img-side\"><figure class=\"post-img\"><a href=\"https:\/\/seunatlascomunidad.com\/index.php\/2023\/04\/05\/se-un-atlas-post-ej\/\" rel=\"bookmark\"><img loading=\"lazy\" decoding=\"async\" width=\"460\" height=\"365\" src=\"https:\/\/seunatlascomunidad.com\/wp-content\/uploads\/2023\/04\/kemeralti-1-460x365.jpg\" class=\"attachment-medium size-medium wp-post-image\" alt=\"\" \/><\/a><\/figure><\/div><div class=\"post-content-side\"><div class=\"meta-categories\"><a href=\"https:\/\/seunatlascomunidad.com\/index.php\/category\/viaja-a-europa\/turquia\/\" rel=\"category tag\">Turqu\u00eda<\/a>, <a href=\"https:\/\/seunatlascomunidad.com\/index.php\/category\/viaja-a-europa\/\" rel=\"category tag\">Viaja a Europa<\/a><\/div><header class=\"title\"><h2><a href=\"https:\/\/seunatlascomunidad.com\/index.php\/2023\/04\/05\/se-un-atlas-post-ej\/\" title=\"Permalink to Kemeralt\u0131 Bazaar, un escenario de pel\u00edcula en Turqu\u00eda\" rel=\"bookmark\">Kemeralt\u0131 Bazaar, un escenario de pel\u00edcula en Turqu\u00eda<\/a><\/h2><\/header><div class=\"post-content\"><div class=\"post-excerpt\">Por Melina <\/div><\/div><div class=\"post-meta footer-meta\"><div class=\"meta-date\">Abr 05<\/div><div class=\"post-more\"><a href=\"https:\/\/seunatlascomunidad.com\/index.php\/2023\/04\/05\/se-un-atlas-post-ej\/\" rel=\"bookmark\">Leer m\u00e1s<\/a><\/div><div class=\"sharebox\"><div class=\"social-icons\"><span class=\"share\">Compartir<\/span><ul class=\"unstyled\"><\/ul><\/div><\/div><\/div><\/div><\/div><\/article><article class=\"post-size style_2 odd span12 495 post-495 post type-post status-publish format-standard has-post-thumbnail hentry category-italia category-viaja-a-europa tag-destinos tag-embajadores tag-italia tag-la-toscana tag-lucca tag-maria-jose tag-viaja-por-europa post\"><div class=\"post-content-container textleft\"><div class=\"post-img-side\"><figure class=\"post-img\"><a href=\"https:\/\/seunatlascomunidad.com\/index.php\/2023\/03\/16\/lucca\/\" rel=\"bookmark\"><img loading=\"lazy\" decoding=\"async\" width=\"460\" height=\"365\" src=\"https:\/\/seunatlascomunidad.com\/wp-content\/uploads\/2023\/05\/Las-toscana-1-1-460x365.jpg\" class=\"attachment-medium size-medium wp-post-image\" alt=\"\" \/><\/a><\/figure><\/div><div class=\"post-content-side\"><div class=\"meta-categories\"><a href=\"https:\/\/seunatlascomunidad.com\/index.php\/category\/viaja-a-europa\/italia\/\" rel=\"category tag\">Italia<\/a>, <a href=\"https:\/\/seunatlascomunidad.com\/index.php\/category\/viaja-a-europa\/\" rel=\"category tag\">Viaja a Europa<\/a><\/div><header class=\"title\"><h2><a href=\"https:\/\/seunatlascomunidad.com\/index.php\/2023\/03\/16\/lucca\/\" title=\"Permalink to \u00bfPensando en visitar La Toscana? Lucca tiene que figurar en tu hoja de ruta\" rel=\"bookmark\">\u00bfPensando en visitar La Toscana? Lucca tiene que figurar en tu hoja de ruta<\/a><\/h2><\/header><div class=\"post-content\"><div class=\"post-excerpt\">Por Mar\u00eda Jos\u00e9 <\/div><\/div><div class=\"post-meta footer-meta\"><div class=\"meta-date\">Mar 16<\/div><div class=\"post-more\"><a href=\"https:\/\/seunatlascomunidad.com\/index.php\/2023\/03\/16\/lucca\/\" rel=\"bookmark\">Leer m\u00e1s<\/a><\/div><div class=\"sharebox\"><div class=\"social-icons\"><span class=\"share\">Compartir<\/span><ul class=\"unstyled\"><\/ul><\/div><\/div><\/div><\/div><\/div><\/article><article class=\"post-size style_2 even span12 34 post-34 post type-post status-publish format-standard has-post-thumbnail hentry category-italia category-viaja-a-europa tag-destinos tag-embajadores tag-florencia tag-italia tag-la-toscana tag-maria-jose post\"><div class=\"post-content-container textleft\"><div class=\"post-img-side\"><figure class=\"post-img\"><a href=\"https:\/\/seunatlascomunidad.com\/index.php\/2023\/03\/13\/mercato-di-sant-ambrogio\/\" rel=\"bookmark\"><img loading=\"lazy\" decoding=\"async\" width=\"460\" height=\"365\" src=\"https:\/\/seunatlascomunidad.com\/wp-content\/uploads\/2023\/03\/mercado-florencia-2-460x365.png\" class=\"attachment-medium size-medium wp-post-image\" alt=\"\" \/><\/a><\/figure><\/div><div class=\"post-content-side\"><div class=\"meta-categories\"><a href=\"https:\/\/seunatlascomunidad.com\/index.php\/category\/viaja-a-europa\/italia\/\" rel=\"category tag\">Italia<\/a>, <a href=\"https:\/\/seunatlascomunidad.com\/index.php\/category\/viaja-a-europa\/\" rel=\"category tag\">Viaja a Europa<\/a><\/div><header class=\"title\"><h2><a href=\"https:\/\/seunatlascomunidad.com\/index.php\/2023\/03\/13\/mercato-di-sant-ambrogio\/\" title=\"Permalink to Callejear en Florencia como un florentino de toda la vida\" rel=\"bookmark\">Callejear en Florencia como un florentino de toda la vida<\/a><\/h2><\/header><div class=\"post-content\"><div class=\"post-excerpt\">Por Mar\u00eda Jos\u00e9 <\/div><\/div><div class=\"post-meta footer-meta\"><div class=\"meta-date\">Mar 13<\/div><div class=\"post-more\"><a href=\"https:\/\/seunatlascomunidad.com\/index.php\/2023\/03\/13\/mercato-di-sant-ambrogio\/\" rel=\"bookmark\">Leer m\u00e1s<\/a><\/div><div class=\"sharebox\"><div class=\"social-icons\"><span class=\"share\">Compartir<\/span><ul class=\"unstyled\"><\/ul><\/div><\/div><\/div><\/div><\/div><\/article><\/div><\/div>\t\t<\/div>\n\t\t\t\t<\/div>\n\t\t\t\t\t<\/div>\n\t\t<\/div>\n\t\t\t\t\t\t\t<\/div>\n\t\t<\/section>\n\t\t\t\t\t\t\t<\/div>\n\t\t","protected":false},"excerpt":{"rendered":"<p>viaja por Europa con nuestra comunidad El planeta es inmenso, maravilloso y por momentos puede llegar a ser abrumador. El planeta es inmenso, maravilloso y por momentos puede llegar a ser abrumador. Con esta idea en mente cre\u00e9 una comunidad de mujeres expertas en diferentes destinos, para viajar a trav\u00e9s de sus palabras y experiencias.<\/p>\n","protected":false},"author":1,"featured_media":0,"parent":0,"menu_order":0,"comment_status":"closed","ping_status":"closed","template":"page-nosidebar.php","meta":{"footnotes":""},"class_list":["post-730","page","type-page","status-publish","hentry"],"_links":{"self":[{"href":"https:\/\/seunatlascomunidad.com\/index.php\/wp-json\/wp\/v2\/pages\/730","targetHints":{"allow":["GET"]}}],"collection":[{"href":"https:\/\/seunatlascomunidad.com\/index.php\/wp-json\/wp\/v2\/pages"}],"about":[{"href":"https:\/\/seunatlascomunidad.com\/index.php\/wp-json\/wp\/v2\/types\/page"}],"author":[{"embeddable":true,"href":"https:\/\/seunatlascomunidad.com\/index.php\/wp-json\/wp\/v2\/users\/1"}],"replies":[{"embeddable":true,"href":"https:\/\/seunatlascomunidad.com\/index.php\/wp-json\/wp\/v2\/comments?post=730"}],"version-history":[{"count":121,"href":"https:\/\/seunatlascomunidad.com\/index.php\/wp-json\/wp\/v2\/pages\/730\/revisions"}],"predecessor-version":[{"id":2285,"href":"https:\/\/seunatlascomunidad.com\/index.php\/wp-json\/wp\/v2\/pages\/730\/revisions\/2285"}],"wp:attachment":[{"href":"https:\/\/seunatlascomunidad.com\/index.php\/wp-json\/wp\/v2\/media?parent=730"}],"curies":[{"name":"wp","href":"https:\/\/api.w.org\/{rel}","templated":true}]}}